{"id":2,"date":"2025-08-21T18:46:03","date_gmt":"2025-08-21T16:46:03","guid":{"rendered":"https:\/\/planess.org\/?page_id=2"},"modified":"2026-03-10T18:43:39","modified_gmt":"2026-03-10T17:43:39","slug":"inicio","status":"publish","type":"page","link":"https:\/\/planess.org\/ca\/","title":{"rendered":"Inici"},"content":{"rendered":"\n<div class=\"wp-block-group analytics-opt-out has-border-color has-background is-layout-flow wp-block-group-is-layout-flow\" style=\"border-color:#98cfa6;border-width:1px;border-radius:1rem;background-color:#ebf3e8;margin-top:var(--wp--preset--spacing--20);margin-bottom:var(--wp--preset--spacing--20);padding-top:var(--wp--preset--spacing--10);padding-right:var(--wp--preset--spacing--10);padding-bottom:var(--wp--preset--spacing--10);padding-left:var(--wp--preset--spacing--10)\">\n<p>Deshabilita l&#8217;an\u00e0lisi de tr\u00e0fic en la nostra p\u00e0gina de <a href=\"https:\/\/planess.org\/ca\/politica-privacidad\/\" data-type=\"page\" data-id=\"3\">Pol\u00edtica de privacitat<\/a>.<\/p>\n<\/div>\n\n\n\n<div id=\"hero\" class=\"wp-block-group is-layout-flow wp-block-group-is-layout-flow\" style=\"margin-top:0;margin-bottom:0\">\n<div class=\"wp-block-columns is-layout-flex wp-container-core-columns-is-layout-1270538a wp-block-columns-is-layout-flex\" style=\"margin-top:0\">\n<div class=\"wp-block-column is-vertically-aligned-center is-layout-flow wp-block-column-is-layout-flow\">\n<figure class=\"wp-block-image aligncenter size-full is-resized\"><img loading=\"lazy\" decoding=\"async\" width=\"334\" height=\"227\" src=\"https:\/\/planess.org\/wp-content\/uploads\/2025\/08\/favicon.png\" alt=\"\" class=\"wp-image-11\" style=\"width:auto;height:90px\" srcset=\"https:\/\/planess.org\/wp-content\/uploads\/2025\/08\/favicon.png 334w, https:\/\/planess.org\/wp-content\/uploads\/2025\/08\/favicon-300x204.png 300w\" sizes=\"auto, (max-width: 334px) 100vw, 334px\" \/><\/figure>\n\n\n\n<figure class=\"wp-block-image aligncenter size-full is-resized\"><img loading=\"lazy\" decoding=\"async\" width=\"893\" height=\"138\" src=\"https:\/\/planess.org\/wp-content\/uploads\/2025\/08\/Planess.png\" alt=\"\" class=\"wp-image-12\" style=\"width:auto;height:45px\" srcset=\"https:\/\/planess.org\/wp-content\/uploads\/2025\/08\/Planess.png 893w, https:\/\/planess.org\/wp-content\/uploads\/2025\/08\/Planess-300x46.png 300w, https:\/\/planess.org\/wp-content\/uploads\/2025\/08\/Planess-768x119.png 768w\" sizes=\"auto, (max-width: 893px) 100vw, 893px\" \/><\/figure>\n\n\n\n<h1 class=\"wp-block-heading has-text-align-center\">Una agenda digital per a l&#8217;economia social i solid\u00e0ria<\/h1>\n\n\n\n<div class=\"wp-block-buttons is-content-justification-center is-layout-flex wp-container-core-buttons-is-layout-a89b3969 wp-block-buttons-is-layout-flex\">\n<div class=\"wp-block-button is-style-fill\"><a class=\"wp-block-button__link has-background has-border-color wp-element-button\" href=\"#contact\" style=\"border-color:#d2a5f9;border-width:1px;background-color:#a6f08a\">\ud83c\udf31 Descobreix-la!<\/a><\/div>\n<\/div>\n<\/div>\n\n\n\n<div class=\"wp-block-column is-layout-flow wp-block-column-is-layout-flow\">\n<figure class=\"wp-block-image size-full hero-screenshot\"><img loading=\"lazy\" decoding=\"async\" width=\"640\" height=\"586\" src=\"https:\/\/planess.org\/wp-content\/uploads\/2025\/08\/pantalla-planESS.png\" alt=\"\" class=\"wp-image-58\" srcset=\"https:\/\/planess.org\/wp-content\/uploads\/2025\/08\/pantalla-planESS.png 640w, https:\/\/planess.org\/wp-content\/uploads\/2025\/08\/pantalla-planESS-300x275.png 300w\" sizes=\"auto, (max-width: 640px) 100vw, 640px\" \/><\/figure>\n<\/div>\n<\/div>\n\n\n\n<div class=\"wp-block-columns is-layout-flex wp-container-core-columns-is-layout-b71c46ff wp-block-columns-is-layout-flex\" style=\"border-top-color:var(--wp--preset--color--contrast-3);border-top-width:1px;border-right-style:none;border-right-width:0px;border-bottom-color:var(--wp--preset--color--contrast-3);border-bottom-width:1px;border-left-style:none;border-left-width:0px;margin-top:var(--wp--preset--spacing--50);margin-bottom:var(--wp--preset--spacing--50);padding-top:var(--wp--preset--spacing--30);padding-right:var(--wp--preset--spacing--40);padding-bottom:var(--wp--preset--spacing--30);padding-left:var(--wp--preset--spacing--40)\">\n<div class=\"wp-block-column is-layout-flow wp-block-column-is-layout-flow\">\n<p class=\"has-large-font-size\">PlanESS \u00e9s el lloc on podr\u00e0s trobar i compartir tot el que passa en l&#8217;economia social: esdeveniments, activitats, xarxes i molt m\u00e9s.<\/p>\n<\/div>\n\n\n\n<div class=\"wp-block-column is-layout-flow wp-block-column-is-layout-flow\">\n<p>Avui dia, els canals de difusi\u00f3 estan dispersos en mans de grans plataformes alienes als valors i necessitats de l&#8217;economia social.<br><br><strong>\u00c9s hora de qu\u00e8 disposem d&#8217;espais propis per a difondre les nostres activitats i descobrir noves iniciatives.<\/strong><\/p>\n<\/div>\n<\/div>\n<\/div>\n\n\n\n<div id=\"services\" class=\"wp-block-group is-layout-flow wp-block-group-is-layout-flow\">\n<div class=\"wp-block-columns is-layout-flex wp-container-core-columns-is-layout-28f84493 wp-block-columns-is-layout-flex\">\n<div class=\"wp-block-column is-layout-flow wp-block-column-is-layout-flow\">\n<figure class=\"wp-block-image aligncenter size-full is-resized\"><img loading=\"lazy\" decoding=\"async\" width=\"383\" height=\"267\" src=\"https:\/\/planess.org\/wp-content\/uploads\/2025\/08\/illustration_1_agenda_team.png\" alt=\"\" class=\"wp-image-14\" style=\"width:auto;height:134px\" srcset=\"https:\/\/planess.org\/wp-content\/uploads\/2025\/08\/illustration_1_agenda_team.png 383w, https:\/\/planess.org\/wp-content\/uploads\/2025\/08\/illustration_1_agenda_team-300x209.png 300w\" sizes=\"auto, (max-width: 383px) 100vw, 383px\" \/><\/figure>\n<\/div>\n<\/div>\n\n\n\n<h2 class=\"wp-block-heading has-text-align-center\" style=\"margin-top:var(--wp--preset--spacing--10);margin-right:0;margin-bottom:var(--wp--preset--spacing--30)\">Qu\u00e8 \u00e9s PlanESS?<\/h2>\n\n\n\n<div class=\"wp-block-columns is-layout-flex wp-container-core-columns-is-layout-ec1ca911 wp-block-columns-is-layout-flex\" style=\"margin-bottom:var(--wp--preset--spacing--30)\">\n<div class=\"wp-block-column has-border-color has-background is-layout-flow wp-block-column-is-layout-flow\" style=\"border-color:#d2a5f9;border-width:1px;border-radius:1rem;background-color:#f2ecf6;padding-top:var(--wp--preset--spacing--10);padding-right:var(--wp--preset--spacing--10);padding-bottom:var(--wp--preset--spacing--10);padding-left:var(--wp--preset--spacing--10);flex-basis:25%\">\n<p class=\"has-text-align-center\">Una<strong> agenda digital com\u00fa<\/strong> on pots publicar i descobrir esdeveniments en minuts<\/p>\n<\/div>\n\n\n\n<div class=\"wp-block-column has-border-color has-background is-layout-flow wp-block-column-is-layout-flow\" style=\"border-color:#98cfa6;border-width:1px;border-radius:1rem;background-color:#ebf3e8;padding-top:var(--wp--preset--spacing--10);padding-right:var(--wp--preset--spacing--10);padding-bottom:var(--wp--preset--spacing--10);padding-left:var(--wp--preset--spacing--10);flex-basis:25%\">\n<p class=\"has-text-align-center\">Una <strong>eina que estalvia costos i simplifica<\/strong>, integrant-se amb Telegram, xarxes del fedivers, WordPress o, fins i tot, calendaris personals<\/p>\n<\/div>\n\n\n\n<div class=\"wp-block-column is-vertically-aligned-stretch has-border-color has-background is-layout-flow wp-block-column-is-layout-flow\" style=\"border-color:#f7caa8;border-width:1px;border-radius:1rem;background-color:#fbede1;padding-top:var(--wp--preset--spacing--10);padding-right:var(--wp--preset--spacing--10);padding-bottom:var(--wp--preset--spacing--10);padding-left:var(--wp--preset--spacing--10);flex-basis:25%\">\n<p class=\"has-text-align-center\">Un <strong>model replicable<\/strong>, pensat perqu\u00e8 xarxes i territoris puguin crear nodes a la xarxa de PlanESS<\/p>\n<\/div>\n\n\n\n<div class=\"wp-block-column has-border-color has-background is-layout-flow wp-block-column-is-layout-flow\" style=\"border-color:#a5cad1;border-width:1px;border-radius:1rem;background-color:#ecf4f5;padding-top:var(--wp--preset--spacing--10);padding-right:var(--wp--preset--spacing--10);padding-bottom:var(--wp--preset--spacing--10);padding-left:var(--wp--preset--spacing--10);flex-basis:25%\">\n<p class=\"has-text-align-center\">Una infraestructura digital comunit\u00e0ria, que refor\u00e7a la visibilitat i la sobirania comunicativa de l&#8217;ESS<\/p>\n<\/div>\n<\/div>\n\n\n\n<figure class=\"wp-block-image aligncenter size-full is-resized hide-mobile\"><img loading=\"lazy\" decoding=\"async\" width=\"425\" height=\"120\" src=\"https:\/\/planess.org\/wp-content\/uploads\/2025\/09\/ilustracion_dialogo.png\" alt=\"\" class=\"wp-image-349\" style=\"width:auto;height:118px\" srcset=\"https:\/\/planess.org\/wp-content\/uploads\/2025\/09\/ilustracion_dialogo.png 425w, https:\/\/planess.org\/wp-content\/uploads\/2025\/09\/ilustracion_dialogo-300x85.png 300w\" sizes=\"auto, (max-width: 425px) 100vw, 425px\" \/><\/figure>\n\n\n\n<div class=\"wp-block-columns is-layout-flex wp-container-core-columns-is-layout-88958198 wp-block-columns-is-layout-flex\" style=\"border-top-color:var(--wp--preset--color--contrast-3);border-top-width:1px;border-right-style:none;border-right-width:0px;border-bottom-color:var(--wp--preset--color--contrast-3);border-bottom-width:1px;border-left-style:none;border-left-width:0px;margin-top:var(--wp--preset--spacing--50);margin-bottom:var(--wp--preset--spacing--50);padding-top:var(--wp--preset--spacing--30);padding-right:var(--wp--preset--spacing--40);padding-bottom:var(--wp--preset--spacing--30);padding-left:var(--wp--preset--spacing--40)\">\n<div class=\"wp-block-column is-layout-flow wp-block-column-is-layout-flow\">\n<p style=\"font-size:clamp(0.984rem, 0.984rem + ((1vw - 0.2rem) * 0.86), 1.5rem);\">\ud83c\udf8a <strong>Fase pilot<\/strong> completada!<\/p>\n\n\n\n<p style=\"font-size:clamp(0.984rem, 0.984rem + ((1vw - 0.2rem) * 0.86), 1.5rem);\">Hem posat a prova PlanESS  juntament amb 22 organitzacions i consumidores de l&#8217;ESS a Madrid i Barcelona.<\/p>\n\n\n\n<div class=\"wp-block-buttons justify-center-mobile is-layout-flex wp-block-buttons-is-layout-flex\">\n<div class=\"wp-block-button is-style-fill\"><a class=\"wp-block-button__link has-background has-border-color wp-element-button\" href=\"https:\/\/planess.org\/wp-content\/uploads\/2026\/02\/Informe_PlanESS-1.pdf\" style=\"border-color:#d2a5f9;border-width:1px;background-color:#a6f08a\">\ud83d\udcc4 Descarrega l&#8217;informe<\/a><\/div>\n<\/div>\n<\/div>\n\n\n\n<div class=\"wp-block-column is-layout-flow wp-block-column-is-layout-flow\">\n<p style=\"font-size:clamp(0.875rem, 0.875rem + ((1vw - 0.2rem) * 0.208), 1rem);\">Com hem reflectit a l&#8217;informe, els resultats demostren que PlanESS funciona, aporta valor i respon a una necessitat real.<br><br>Ara comen\u00e7a la seg\u00fcent etapa: <strong>sumar a les persones, organitzacions, xarxes i finan\u00e7adores<\/strong> que poden impulsar el seu creixement i llan\u00e7ament.<\/p>\n\n\n\n<div class=\"wp-block-buttons justify-center-mobile is-content-justification-left is-layout-flex wp-container-core-buttons-is-layout-fc4fd283 wp-block-buttons-is-layout-flex\">\n<div class=\"wp-block-button is-style-fill\"><a class=\"wp-block-button__link has-background has-border-color wp-element-button\" href=\"#contact\" style=\"border-color:#d2a5f9;border-width:1px;background-color:#a6f08a\">Parlem<\/a><\/div>\n<\/div>\n\n\n\n<div class=\"wp-block-group cursor-container has-global-padding is-layout-constrained wp-block-group-is-layout-constrained\">\n<figure class=\"wp-block-image size-full is-resized cursor\"><img loading=\"lazy\" decoding=\"async\" width=\"55\" height=\"62\" src=\"https:\/\/planess.org\/wp-content\/uploads\/2025\/08\/cursor.png\" alt=\"\" class=\"wp-image-16\" style=\"width:28px\"\/><\/figure>\n<\/div>\n<\/div>\n<\/div>\n<\/div>\n\n\n\n<div id=\"about\" class=\"wp-block-group is-layout-flow wp-block-group-is-layout-flow\">\n<div class=\"wp-block-columns mobile-reverse-column-direction is-layout-flex wp-container-core-columns-is-layout-c86adb1f wp-block-columns-is-layout-flex\" style=\"margin-top:var(--wp--preset--spacing--40);margin-bottom:var(--wp--preset--spacing--50);padding-right:var(--wp--preset--spacing--40);padding-left:var(--wp--preset--spacing--40)\">\n<div class=\"wp-block-column is-layout-flow wp-block-column-is-layout-flow\" style=\"padding-left:0;flex-basis:60%\">\n<h2 class=\"wp-block-heading\">\ud83d\udd12 Per qu\u00e8 la sobirania comunicativa importa?<\/h2>\n\n\n\n<p class=\"line-decorator\">Sobirania comunicativa significa <strong>tindre control sobre com contem el que fem<\/strong>, en lloc de dependre de plataformes que imposin regles i interessos aliens.<br>Quan gestionem els nostres propis espais de comunicaci\u00f3, donem protagonisme a les nostres veus, enfortim les nostres xarxes i apleguem a les persones que volem.<\/p>\n\n\n\n<p><strong>PlanESS \u00e9s una aposta en aquesta direcci\u00f3: <strong>una eina perqu\u00e8 l&#8217;economia social i solid\u00e0ria es faci sentir amb les seves <strong>pr\u00f2pies<\/strong> paraules.<\/strong><\/strong><\/p>\n<\/div>\n\n\n\n<div class=\"wp-block-column is-layout-flow wp-block-column-is-layout-flow\">\n<figure class=\"wp-block-image aligncenter size-full is-resized\"><img loading=\"lazy\" decoding=\"async\" width=\"530\" height=\"418\" src=\"https:\/\/planess.org\/wp-content\/uploads\/2025\/08\/illustration_3_planies_portal.png\" alt=\"\" class=\"wp-image-20\" style=\"width:auto;height:209px\" srcset=\"https:\/\/planess.org\/wp-content\/uploads\/2025\/08\/illustration_3_planies_portal.png 530w, https:\/\/planess.org\/wp-content\/uploads\/2025\/08\/illustration_3_planies_portal-300x237.png 300w\" sizes=\"auto, (max-width: 530px) 100vw, 530px\" \/><\/figure>\n<\/div>\n<\/div>\n\n\n\n<div class=\"wp-block-columns is-layout-flex wp-container-core-columns-is-layout-7b82932f wp-block-columns-is-layout-flex\" style=\"margin-top:var(--wp--preset--spacing--40);margin-bottom:var(--wp--preset--spacing--50);padding-top:var(--wp--preset--spacing--20);padding-right:var(--wp--preset--spacing--40);padding-bottom:var(--wp--preset--spacing--20);padding-left:var(--wp--preset--spacing--40)\">\n<div class=\"wp-block-column is-layout-flow wp-block-column-is-layout-flow\">\n<figure class=\"wp-block-image aligncenter size-full is-resized\"><img loading=\"lazy\" decoding=\"async\" width=\"572\" height=\"358\" src=\"https:\/\/planess.org\/wp-content\/uploads\/2025\/08\/illustration_4_planies_laptop.png\" alt=\"\" class=\"wp-image-21\" style=\"width:auto;height:179px\" srcset=\"https:\/\/planess.org\/wp-content\/uploads\/2025\/08\/illustration_4_planies_laptop.png 572w, https:\/\/planess.org\/wp-content\/uploads\/2025\/08\/illustration_4_planies_laptop-300x188.png 300w\" sizes=\"auto, (max-width: 572px) 100vw, 572px\" \/><\/figure>\n<\/div>\n\n\n\n<div class=\"wp-block-column is-layout-flow wp-block-column-is-layout-flow\" style=\"padding-right:0\">\n<h2 class=\"wp-block-heading\">\ud83c\udf31 Qu\u00e8 s\u00f3n els comuns digitals?<\/h2>\n\n\n\n<p class=\"line-decorator\">Els comuns digitals s\u00f3n eines que <strong>pertanyen a qui les utilitzen, les cuiden i les fan cr\u00e9ixer.<\/strong> S\u00f3n creades i gestionades de manera col\u00b7laborativa per a respondre a les necessitats de la seva comunitat.<\/p>\n\n\n\n<p><strong>PlanESS vol convertir-se en un b\u00e9 com\u00fa digital al servei de l&#8217;ESS: obert, compartit i adaptat a les necessitats de la nostra comunitat. <\/strong>PlanESS est\u00e0 basat en <a href=\"http:\/\/gancio.org\" data-type=\"link\" data-id=\"gancio.org\"><strong>Gancio<\/strong><\/a>, programari lliure creat per col\u00b7lectius <em>hacktivistes <\/em>que prioritzen la facilitat d&#8217;\u00fas, la protecci\u00f3 de dades i la integraci\u00f3 amb altres eines.<\/p>\n<\/div>\n<\/div>\n<\/div>\n\n\n\n<div id=\"contact\" class=\"wp-block-group has-background is-layout-flow wp-block-group-is-layout-flow\" style=\"border-radius:1rem;background-color:#d2a5f9;padding-top:var(--wp--preset--spacing--50);padding-right:var(--wp--preset--spacing--40);padding-bottom:var(--wp--preset--spacing--30);padding-left:var(--wp--preset--spacing--40)\">\n<div class=\"wp-block-columns is-layout-flex wp-container-core-columns-is-layout-28f84493 wp-block-columns-is-layout-flex\">\n<div class=\"wp-block-column is-layout-flow wp-block-column-is-layout-flow\" style=\"padding-right:var(--wp--preset--spacing--30)\">\n<h2 class=\"wp-block-heading\">Fem PlanESS realitat<\/h2>\n\n\n\n<p>Deixa&#8217;ns el teu contexte si vols accedir a la demo, rebre novetats del projecte o participar en el llan\u00e7ament de PlanESS.<\/p>\n<\/div>\n\n\n\n<div class=\"wp-block-column is-layout-flow wp-block-column-is-layout-flow\">\n<div class=\"wp-block-group cursor-container is-layout-flow wp-block-group-is-layout-flow\">\n<iframe class=\"form-iframe\" src=\"https:\/\/odoo.planess.amoved.es\/formulario-registro-planess-cat\" title=\"Formulario de registro PlanESS\" scrolling=\"no\"><\/iframe>\n\n\n\n<figure class=\"wp-block-image size-full is-resized cursor-mirror\"><img loading=\"lazy\" decoding=\"async\" width=\"55\" height=\"62\" src=\"https:\/\/planess.org\/wp-content\/uploads\/2025\/08\/cursor_mirror.png\" alt=\"\" class=\"wp-image-22\" style=\"width:28px\"\/><\/figure>\n<\/div>\n<\/div>\n<\/div>\n<\/div>\n\n\n\n<p><\/p>\n","protected":false},"excerpt":{"rendered":"<p>Deshabilita l&#8217;an\u00e0lisi de tr\u00e0fic en la nostra p\u00e0gina de Pol\u00edtica de privacitat. Una agenda digital per a l&#8217;economia social i solid\u00e0ria PlanESS \u00e9s el lloc on podr\u00e0s trobar i compartir tot el que passa en l&#8217;economia social: esdeveniments, activitats, xarxes i molt m\u00e9s. Avui dia, els canals de difusi\u00f3 estan dispersos en mans de grans [&hellip;]<\/p>\n","protected":false},"author":1,"featured_media":0,"parent":0,"menu_order":0,"comment_status":"closed","ping_status":"closed","template":"","meta":{"footnotes":""},"class_list":["post-2","page","type-page","status-publish","hentry"],"_links":{"self":[{"href":"https:\/\/planess.org\/ca\/wp-json\/wp\/v2\/pages\/2","targetHints":{"allow":["GET"]}}],"collection":[{"href":"https:\/\/planess.org\/ca\/wp-json\/wp\/v2\/pages"}],"about":[{"href":"https:\/\/planess.org\/ca\/wp-json\/wp\/v2\/types\/page"}],"author":[{"embeddable":true,"href":"https:\/\/planess.org\/ca\/wp-json\/wp\/v2\/users\/1"}],"replies":[{"embeddable":true,"href":"https:\/\/planess.org\/ca\/wp-json\/wp\/v2\/comments?post=2"}],"version-history":[{"count":123,"href":"https:\/\/planess.org\/ca\/wp-json\/wp\/v2\/pages\/2\/revisions"}],"predecessor-version":[{"id":505,"href":"https:\/\/planess.org\/ca\/wp-json\/wp\/v2\/pages\/2\/revisions\/505"}],"wp:attachment":[{"href":"https:\/\/planess.org\/ca\/wp-json\/wp\/v2\/media?parent=2"}],"curies":[{"name":"wp","href":"https:\/\/api.w.org\/{rel}","templated":true}]}}